{"id":1597,"date":"2024-03-07T09:55:45","date_gmt":"2024-03-07T09:55:45","guid":{"rendered":"https:\/\/www.iiqinternational.com\/?page_id=1597"},"modified":"2024-06-25T15:08:57","modified_gmt":"2024-06-25T15:08:57","slug":"privacy-policy","status":"publish","type":"page","link":"https:\/\/www.mediaformlanguages.org\/esol\/privacy-policy\/","title":{"rendered":"Privacy Policy"},"content":{"rendered":"<section class=\"kc-elm kc-css-441907 kc_row\"><div class=\"kc-row-container  kc-container\"><div class=\"kc-wrap-columns\"><div class=\"kc-elm kc-css-135738 kc_col-sm-12 kc_column kc_col-sm-12\"><div class=\"kc-col-container\"><div class=\"kc-elm kc-css-658372 kc_text_block\"><\/p>\n<div class=\"iub_header\" style=\"border-bottom: 1px dotted #dfdfdf; padding-bottom: 25px; position: relative; color: #595858; font-family: 'Helvetica Neue', Helvetica, Arial, FreeSans, sans-serif;\">\n<h1 style=\"margin: 0px 0px 5px; padding: 0px; border: 0px; font-weight: normal; font-size: 19px; line-height: 23px; font-family: inherit; color: #262626;\">Privacy Policy di <strong style=\"margin: 0px; padding: 0px; border: 0px; font-style: inherit; line-height: 1; font-family: inherit;\">mediaformlanguages.org<\/strong><\/h1>\n<p style=\"margin: 0px; padding: 0px; border: 0px; font-size: 13px; line-height: 19px; font-family: inherit;\">Per avere informazioni circa i tuoi dati personali raccolti, le finalit\u00e0 ed i soggetti con cui i dati vengono condivisi, contatta il Titolare.<\/p>\n<\/div>\n<div class=\"one_line_col\" style=\"zoom: 1; float: none; width: 740px; border-bottom: 1px dotted #dfdfdf; border-top: 0px; padding-bottom: 21px; color: #595858; font-family: 'Helvetica Neue', Helvetica, Arial, FreeSans, sans-serif;\">\n<h2 id=\"owner_of_the_data\" style=\"margin: 0px; padding: 21px 0px 0px; border: 0px; font-size: 17px; line-height: 21px; font-family: inherit; color: #262626;\">Titolare del Trattamento dei Dati<\/h2>\n<p style=\"margin: 0px; padding: 5px 0px 0px; border: 0px; font-size: 13px; line-height: 19px; font-family: inherit;\">MEDIAFORM EQIA<br \/>VICO IV DURANTE, 4<br \/>80027 FRATTAMAGGIORE (NA) ITALIA<\/p>\n<p style=\"margin: 0px; padding: 11px 0px 0px; border: 0px; font-size: 13px; line-height: 19px; font-family: inherit;\"><strong style=\"margin: 0px; padding: 0px; border: 0px; font-style: inherit; line-height: 1; font-family: inherit;\">Indirizzo email del Titolare:<\/strong>\u00a0amministrazione@mediaform.it<\/p>\n<\/div>\n<div class=\"one_line_col\" style=\"zoom: 1; float: none; width: 740px; border-bottom: 1px dotted #dfdfdf; border-top: 0px; padding-bottom: 21px; color: #595858; font-family: 'Helvetica Neue', Helvetica, Arial, FreeSans, sans-serif;\">\n<h2 id=\"types_of_data\" style=\"margin: 0px; padding: 21px 0px 0px; border: 0px; font-size: 17px; line-height: 21px; font-family: inherit; color: #262626;\">Tipologie di Dati raccolti<\/h2>\n<p style=\"margin: 0px; padding: 5px 0px 0px; border: 0px; font-size: 13px; line-height: 19px; font-family: inherit;\">Il Titolare non fornisce una lista di tipologie di Dati Personali raccolti.<\/p>\n<p style=\"margin: 0px; padding: 11px 0px 0px; border: 0px; font-size: 13px; line-height: 19px; font-family: inherit;\">Dettagli completi su ciascuna tipologia di Dati Personali raccolti sono forniti nelle sezioni dedicate di questa privacy policy o mediante specifici testi informativi visualizzati prima della raccolta dei Dati stessi.<br \/>I Dati Personali possono essere liberamente forniti dall&#8217;Utente o, nel caso di Dati di Utilizzo, raccolti automaticamente durante l&#8217;uso di questa Applicazione.<br \/>Se non diversamente specificato, tutti i Dati richiesti da questa Applicazione sono obbligatori. Se l\u2019Utente rifiuta di comunicarli, potrebbe essere impossibile per questa Applicazione fornire il Servizio. Nei casi in cui questa Applicazione indichi alcuni Dati come facoltativi, gli Utenti sono liberi di astenersi dal comunicare tali Dati, senza che ci\u00f2 abbia alcuna conseguenza sulla disponibilit\u00e0 del Servizio o sulla sua operativit\u00e0.<br \/>Gli Utenti che dovessero avere dubbi su quali Dati siano obbligatori sono incoraggiati a contattare il Titolare.<br \/>L\u2019eventuale utilizzo di Cookie &#8211; o di altri strumenti di tracciamento &#8211; da parte di questa Applicazione o dei titolari dei servizi terzi utilizzati da questa Applicazione ha la finalit\u00e0 di fornire il Servizio richiesto dall&#8217;Utente, oltre alle ulteriori finalit\u00e0 descritte nel presente documento e nella Cookie Policy.<\/p>\n<p style=\"margin: 0px; padding: 11px 0px 0px; border: 0px; font-size: 13px; line-height: 19px; font-family: inherit;\">L&#8217;Utente si assume la responsabilit\u00e0 dei Dati Personali di terzi ottenuti, pubblicati o condivisi mediante questa Applicazione.<\/p>\n<\/div>\n<div class=\"one_line_col\" style=\"zoom: 1; float: none; width: 740px; border-bottom: 1px dotted #dfdfdf; border-top: 0px; padding-bottom: 21px; color: #595858; font-family: 'Helvetica Neue', Helvetica, Arial, FreeSans, sans-serif;\">\n<h2 id=\"place_of_processing\" style=\"margin: 0px; padding: 21px 0px 0px; border: 0px; font-size: 17px; line-height: 21px; font-family: inherit; color: #262626;\">Modalit\u00e0 e luogo del trattamento dei Dati raccolti<\/h2>\n<h3 class=\"iub-subheading iub-subheading-legal-mode-processing\" style=\"margin: 0px; padding: 24px 0px 0px; border: 0px; font-size: 13px; line-height: 19px; font-family: inherit; color: #262626;\">Modalit\u00e0 di trattamento<\/h3>\n<p style=\"margin: 0px; padding: 0px; border: 0px; font-size: 13px; line-height: 19px; font-family: inherit;\">Il Titolare adotta le opportune misure di sicurezza volte ad impedire l\u2019accesso, la divulgazione, la modifica o la distruzione non autorizzate dei Dati Personali.<br \/>Il trattamento viene effettuato mediante strumenti informatici e\/o telematici, con modalit\u00e0 organizzative e con logiche strettamente correlate alle finalit\u00e0 indicate. Oltre al Titolare, in alcuni casi, potrebbero avere accesso ai Dati altri soggetti coinvolti nell\u2019organizzazione di questa Applicazione (personale amministrativo, commerciale, marketing, legali, amministratori di sistema) ovvero soggetti esterni (come fornitori di servizi tecnici terzi, corrieri postali, hosting provider, societ\u00e0 informatiche, agenzie di comunicazione) nominati anche, se necessario, Responsabili del Trattamento da parte del Titolare. L\u2019elenco aggiornato dei Responsabili potr\u00e0 sempre essere richiesto al Titolare del Trattamento.<\/p>\n<h3 class=\"iub-subheading iub-subheading-legal-place\" style=\"margin: 0px; padding: 24px 0px 0px; border: 0px; font-size: 13px; line-height: 19px; font-family: inherit; color: #262626;\">Luogo<\/h3>\n<p style=\"margin: 0px; padding: 0px; border: 0px; font-size: 13px; line-height: 19px; font-family: inherit;\">I Dati sono trattati presso le sedi operative del Titolare ed in ogni altro luogo in cui le parti coinvolte nel trattamento siano localizzate. Per ulteriori informazioni, contatta il Titolare.<br \/>I Dati Personali dell\u2019Utente potrebbero essere trasferiti in un paese diverso da quello in cui l\u2019Utente si trova. Per ottenere ulteriori informazioni sul luogo del trattamento l\u2019Utente pu\u00f2 fare riferimento alla sezione relativa ai dettagli sul trattamento dei Dati Personali.<\/p>\n<h3 class=\"iub-subheading iub-subheading-legal-time\" style=\"margin: 0px; padding: 24px 0px 0px; border: 0px; font-size: 13px; line-height: 19px; font-family: inherit; color: #262626;\">Periodo di conservazione<\/h3>\n<p style=\"margin: 0px; padding: 0px; border: 0px; font-size: 13px; line-height: 19px; font-family: inherit;\">Se non diversamente indicato in questo documento, i Dati Personali sono trattati e conservati per il tempo richiesto dalla finalit\u00e0 per la quale sono stati raccolti e potrebbero essere conservati per un periodo pi\u00f9 lungo a causa di eventuali obbligazioni legali o sulla base del consenso degli Utenti.<\/p>\n<\/div>\n<div style=\"color: #595858; font-family: 'Helvetica Neue', Helvetica, Arial, FreeSans, sans-serif;\" data-locale=\"it\">\u00a0<\/div>\n<div style=\"color: #595858; font-family: 'Helvetica Neue', Helvetica, Arial, FreeSans, sans-serif;\" data-locale=\"it\">\u00a0<\/div>\n<div class=\"one_line_col\" style=\"zoom: 1; float: none; width: 740px; border-bottom: 1px dotted #dfdfdf; border-top: 0px; padding-bottom: 21px; color: #595858; font-family: 'Helvetica Neue', Helvetica, Arial, FreeSans, sans-serif;\">\n<p style=\"margin: 0px; padding: 5px 0px 0px; border: 0px; font-size: 13px; line-height: 19px; font-family: inherit;\">Questa Applicazione fa utilizzo di Strumenti di Tracciamento. Per saperne di pi\u00f9, gli Utenti possono consultare la\u00a0<a class=\"show_comp_link iframe-preserve an-preserve\" style=\"margin: 0px; padding: 0px; border-width: 0px 0px 1px; border-image: initial; line-height: 1; font-family: inherit; text-decoration-line: none; color: #333b43; border-color: initial initial #f0f0f0 initial; border-style: initial initial solid initial;\" title=\"Cookie Policy\" href=\"https:\/\/www.iubenda.com\/privacy-policy\/68287445\/cookie-policy\">Cookie Policy<\/a>.<\/p>\n<\/div>\n<h2 id=\"cookie_policy_further_information\" style=\"margin: 0px; padding: 21px 0px 0px; border: 0px; font-size: 17px; line-height: 21px; font-family: 'Helvetica Neue', Helvetica, Arial, FreeSans, sans-serif; color: #262626;\">Ulteriori informazioni per gli utenti<\/h2>\n<h3 class=\"iub-subheading iub-subheading-legal-basis-of-processing\" style=\"margin: 0px; padding: 24px 0px 0px; border: 0px; font-size: 13px; line-height: 19px; font-family: 'Helvetica Neue', Helvetica, Arial, FreeSans, sans-serif; color: #262626;\">Base giuridica del trattamento<\/h3>\n<p style=\"margin: 0px; padding: 0px; border: 0px; font-size: 13px; line-height: 19px; font-family: 'Helvetica Neue', Helvetica, Arial, FreeSans, sans-serif; color: #595858;\">Il Titolare tratta Dati Personali relativi all\u2019Utente in caso sussista una delle seguenti condizioni:<\/p>\n<ul style=\"margin: 0px; padding: 5px 0px 0px; border: 0px; line-height: 1; font-family: 'Helvetica Neue', Helvetica, Arial, FreeSans, sans-serif; list-style-position: initial; list-style-image: initial; color: #595858;\">\n<li style=\"margin: 2px 0px 0px 30px; padding: 0px; border: 0px; font-size: 13px; line-height: 19px; font-family: inherit; list-style: disc;\">l\u2019Utente ha prestato il consenso per una o pi\u00f9 finalit\u00e0 specifiche; Nota: in alcuni ordinamenti il Titolare pu\u00f2 essere autorizzato a trattare Dati Personali senza che debba sussistere il consenso dell\u2019Utente o un\u2019altra delle basi giuridiche specificate di seguito, fino a quando l\u2019Utente non si opponga (\u201copt-out\u201d) a tale trattamento. Ci\u00f2 non \u00e8 tuttavia applicabile qualora il trattamento di Dati Personali sia regolato dalla legislazione europea in materia di protezione dei Dati Personali;<\/li>\n<li style=\"margin: 2px 0px 0px 30px; padding: 0px; border: 0px; font-size: 13px; line-height: 19px; font-family: inherit; list-style: disc;\">il trattamento \u00e8 necessario all&#8217;esecuzione di un contratto con l\u2019Utente e\/o all&#8217;esecuzione di misure precontrattuali;<\/li>\n<li style=\"margin: 2px 0px 0px 30px; padding: 0px; border: 0px; font-size: 13px; line-height: 19px; font-family: inherit; list-style: disc;\">il trattamento \u00e8 necessario per adempiere un obbligo legale al quale \u00e8 soggetto il Titolare;<\/li>\n<li style=\"margin: 2px 0px 0px 30px; padding: 0px; border: 0px; font-size: 13px; line-height: 19px; font-family: inherit; list-style: disc;\">il trattamento \u00e8 necessario per l&#8217;esecuzione di un compito di interesse pubblico o per l&#8217;esercizio di pubblici poteri di cui \u00e8 investito il Titolare;<\/li>\n<li style=\"margin: 2px 0px 0px 30px; padding: 0px; border: 0px; font-size: 13px; line-height: 19px; font-family: inherit; list-style: disc;\">il trattamento \u00e8 necessario per il perseguimento del legittimo interesse del Titolare o di terzi.<\/li>\n<\/ul>\n<p style=\"margin: 0px; padding: 11px 0px 0px; border: 0px; font-size: 13px; line-height: 19px; font-family: 'Helvetica Neue', Helvetica, Arial, FreeSans, sans-serif; color: #595858;\">\u00c8 comunque sempre possibile richiedere al Titolare di chiarire la concreta base giuridica di ciascun trattamento ed in particolare di specificare se il trattamento sia basato sulla legge, previsto da un contratto o necessario per concludere un contratto.<\/p>\n<h3 class=\"iub-subheading iub-subheading-legal-time\" style=\"margin: 0px; padding: 24px 0px 0px; border: 0px; font-size: 13px; line-height: 19px; font-family: 'Helvetica Neue', Helvetica, Arial, FreeSans, sans-serif; color: #262626;\">Ulteriori informazioni sul tempo di conservazione<\/h3>\n<p style=\"margin: 0px; padding: 0px; border: 0px; font-size: 13px; line-height: 19px; font-family: 'Helvetica Neue', Helvetica, Arial, FreeSans, sans-serif; color: #595858;\">Se non diversamente indicato in questo documento, i Dati Personali sono trattati e conservati per il tempo richiesto dalla finalit\u00e0 per la quale sono stati raccolti e potrebbero essere conservati per un periodo pi\u00f9 lungo a causa di eventuali obbligazioni legali o sulla base del consenso degli Utenti.<\/p>\n<p style=\"margin: 0px; padding: 11px 0px 0px; border: 0px; font-size: 13px; line-height: 19px; font-family: 'Helvetica Neue', Helvetica, Arial, FreeSans, sans-serif; color: #595858;\">Pertanto:<\/p>\n<ul style=\"margin: 0px; padding: 5px 0px 0px; border: 0px; line-height: 1; font-family: 'Helvetica Neue', Helvetica, Arial, FreeSans, sans-serif; list-style-position: initial; list-style-image: initial; color: #595858;\">\n<li style=\"margin: 2px 0px 0px 30px; padding: 0px; border: 0px; font-size: 13px; line-height: 19px; font-family: inherit; list-style: disc;\">I Dati Personali raccolti per scopi collegati all\u2019esecuzione di un contratto tra il Titolare e l\u2019Utente saranno trattenuti sino a quando sia completata l\u2019esecuzione di tale contratto.<\/li>\n<li style=\"margin: 2px 0px 0px 30px; padding: 0px; border: 0px; font-size: 13px; line-height: 19px; font-family: inherit; list-style: disc;\">I Dati Personali raccolti per finalit\u00e0 riconducibili all\u2019interesse legittimo del Titolare saranno trattenuti sino al soddisfacimento di tale interesse. L\u2019Utente pu\u00f2 ottenere ulteriori informazioni in merito all\u2019interesse legittimo perseguito dal Titolare nelle relative sezioni di questo documento o contattando il Titolare.<\/li>\n<\/ul>\n<p style=\"margin: 0px; padding: 11px 0px 0px; border: 0px; font-size: 13px; line-height: 19px; font-family: 'Helvetica Neue', Helvetica, Arial, FreeSans, sans-serif; color: #595858;\">Quando il trattamento \u00e8 basato sul consenso dell\u2019Utente, il Titolare pu\u00f2 conservare i Dati Personali pi\u00f9 a lungo sino a quando detto consenso non venga revocato. Inoltre, il Titolare potrebbe essere obbligato a conservare i Dati Personali per un periodo pi\u00f9 lungo in ottemperanza ad un obbligo di legge o per ordine di un\u2019autorit\u00e0.<\/p>\n<p>Al termine del periodo di conservazione i Dati Personali saranno cancellati. Pertanto, allo spirare di tale termine il diritto di accesso, cancellazione, rettificazione ed il diritto alla portabilit\u00e0 dei Dati non potranno pi\u00f9 essere esercitati.<\/p>\n<h3 id=\"rights_subjects\" style=\"margin: 0px; padding: 24px 0px 0px; border: 0px; font-size: 13px; line-height: 19px; font-family: 'Helvetica Neue', Helvetica, Arial, FreeSans, sans-serif; color: #262626;\">Diritti dell\u2019Utente<\/h3>\n<p style=\"margin: 0px; padding: 0px; border: 0px; font-size: 13px; line-height: 19px; font-family: 'Helvetica Neue', Helvetica, Arial, FreeSans, sans-serif; color: #595858;\">Gli Utenti possono esercitare determinati diritti con riferimento ai Dati trattati dal Titolare.<\/p>\n<p style=\"margin: 0px; padding: 11px 0px 0px; border: 0px; font-size: 13px; line-height: 19px; font-family: 'Helvetica Neue', Helvetica, Arial, FreeSans, sans-serif; color: #595858;\">In particolare, nei limiti previsti dalla legge, l\u2019Utente ha il diritto di:<\/p>\n<ul style=\"margin: 0px; padding: 5px 0px 0px; border: 0px; line-height: 1; font-family: 'Helvetica Neue', Helvetica, Arial, FreeSans, sans-serif; list-style-position: initial; list-style-image: initial; color: #595858;\">\n<li style=\"margin: 2px 0px 0px 30px; padding: 0px; border: 0px; font-size: 13px; line-height: 19px; font-family: inherit; list-style: disc;\"><strong style=\"margin: 0px; padding: 0px; border: 0px; font-style: inherit; line-height: 1; font-family: inherit;\">revocare il consenso in ogni momento.<\/strong>\u00a0L\u2019Utente pu\u00f2 revocare il consenso al trattamento dei propri Dati Personali precedentemente espresso.<\/li>\n<li style=\"margin: 2px 0px 0px 30px; padding: 0px; border: 0px; font-size: 13px; line-height: 19px; font-family: inherit; list-style: disc;\"><strong style=\"margin: 0px; padding: 0px; border: 0px; font-style: inherit; line-height: 1; font-family: inherit;\">opporsi al trattamento dei propri Dati.<\/strong>\u00a0L\u2019Utente pu\u00f2 opporsi al trattamento dei propri Dati quando esso avviene in virt\u00f9 di una base giuridica diversa dal consenso.<\/li>\n<li style=\"margin: 2px 0px 0px 30px; padding: 0px; border: 0px; font-size: 13px; line-height: 19px; font-family: inherit; list-style: disc;\"><strong style=\"margin: 0px; padding: 0px; border: 0px; font-style: inherit; line-height: 1; font-family: inherit;\">accedere ai propri Dati.<\/strong>\u00a0L\u2019Utente ha diritto ad ottenere informazioni sui Dati trattati dal Titolare, su determinati aspetti del trattamento ed a ricevere una copia dei Dati trattati.<\/li>\n<li style=\"margin: 2px 0px 0px 30px; padding: 0px; border: 0px; font-size: 13px; line-height: 19px; font-family: inherit; list-style: disc;\"><strong style=\"margin: 0px; padding: 0px; border: 0px; font-style: inherit; line-height: 1; font-family: inherit;\">verificare e chiedere la rettificazione.<\/strong>\u00a0L\u2019Utente pu\u00f2 verificare la correttezza dei propri Dati e richiederne l\u2019aggiornamento o la correzione.<\/li>\n<li style=\"margin: 2px 0px 0px 30px; padding: 0px; border: 0px; font-size: 13px; line-height: 19px; font-family: inherit; list-style: disc;\"><strong style=\"margin: 0px; padding: 0px; border: 0px; font-style: inherit; line-height: 1; font-family: inherit;\">ottenere la limitazione del trattamento.<\/strong>\u00a0L\u2019Utente pu\u00f2 richiedere la limitazione del trattamento dei propri Dati. In tal caso il Titolare non tratter\u00e0 i Dati per alcun altro scopo se non la loro conservazione.<\/li>\n<li style=\"margin: 2px 0px 0px 30px; padding: 0px; border: 0px; font-size: 13px; line-height: 19px; font-family: inherit; list-style: disc;\"><strong style=\"margin: 0px; padding: 0px; border: 0px; font-style: inherit; line-height: 1; font-family: inherit;\">ottenere la cancellazione o rimozione dei propri Dati Personali.<\/strong>\u00a0L\u2019Utente pu\u00f2 richiedere la cancellazione dei propri Dati da parte del Titolare.<\/li>\n<li style=\"margin: 2px 0px 0px 30px; padding: 0px; border: 0px; font-size: 13px; line-height: 19px; font-family: inherit; list-style: disc;\"><strong style=\"margin: 0px; padding: 0px; border: 0px; font-style: inherit; line-height: 1; font-family: inherit;\">ricevere i propri Dati o farli trasferire ad altro titolare.<\/strong>\u00a0L\u2019Utente ha diritto di ricevere i propri Dati in formato strutturato, di uso comune e leggibile da dispositivo automatico e, ove tecnicamente fattibile, di ottenerne il trasferimento senza ostacoli ad un altro titolare.<\/li>\n<li style=\"margin: 2px 0px 0px 30px; padding: 0px; border: 0px; font-size: 13px; line-height: 19px; font-family: inherit; list-style: disc;\"><strong style=\"margin: 0px; padding: 0px; border: 0px; font-style: inherit; line-height: 1; font-family: inherit;\">proporre reclamo.<\/strong>\u00a0L\u2019Utente pu\u00f2 proporre un reclamo all\u2019autorit\u00e0 di controllo della protezione dei dati personali competente o agire in sede giudiziale.<\/li>\n<\/ul>\n<p style=\"margin: 0px; padding: 11px 0px 0px; border: 0px; font-size: 13px; line-height: 19px; font-family: 'Helvetica Neue', Helvetica, Arial, FreeSans, sans-serif; color: #595858;\">Gli Utenti hanno diritto di ottenere informazioni in merito alla base giuridica per il trasferimento di Dati all&#8217;estero incluso verso qualsiasi organizzazione internazionale regolata dal diritto internazionale o costituita da due o pi\u00f9 paesi, come ad esempio l\u2019ONU, nonch\u00e9 in merito alle misure di sicurezza adottate dal Titolare per proteggere i loro Dati.<\/p>\n<h4 class=\"iub-subheading iub-subheading-legal-right-to-object\" style=\"margin: 0px; padding: 19px 0px 0px; border: 0px; font-size: 13px; line-height: 1; font-family: 'Helvetica Neue', Helvetica, Arial, FreeSans, sans-serif; color: #505762;\">Dettagli sul diritto di opposizione<\/h4>\n<p style=\"margin: 0px; padding: 11px 0px 0px; border: 0px; font-size: 13px; line-height: 19px; font-family: 'Helvetica Neue', Helvetica, Arial, FreeSans, sans-serif; color: #595858;\"><strong style=\"margin: 0px; padding: 0px; border: 0px; font-style: inherit; line-height: 1; font-family: inherit;\">Quando i Dati Personali sono trattati nell\u2019interesse pubblico, nell\u2019esercizio di pubblici poteri di cui \u00e8 investito il Titolare oppure per perseguire un interesse legittimo del Titolare, gli Utenti hanno diritto ad opporsi al trattamento per motivi connessi alla loro situazione particolare.<\/strong><\/p>\n<p style=\"margin: 0px; padding: 11px 0px 0px; border: 0px; font-size: 13px; line-height: 19px; font-family: 'Helvetica Neue', Helvetica, Arial, FreeSans, sans-serif; color: #595858;\"><strong style=\"margin: 0px; padding: 0px; border: 0px; font-style: inherit; line-height: 1; font-family: inherit;\">Si fa presente agli Utenti che, ove i loro Dati fossero trattati con finalit\u00e0 di marketing diretto, possono opporsi al trattamento in qualsiasi momento, gratuitamente e senza fornire alcuna motivazione. Qualora gli Utenti si oppongano al trattamento per finalit\u00e0 di marketing diretto, i Dati Personali non sono pi\u00f9 oggetto di trattamento per tali finalit\u00e0. Per scoprire se il Titolare tratti Dati con finalit\u00e0 di marketing diretto gli Utenti possono fare riferimento alle rispettive sezioni di questo documento.<\/strong><\/p>\n<h4 class=\"iub-subheading iub-subheading-legal-how-to-exercise\" style=\"margin: 0px; padding: 19px 0px 0px; border: 0px; font-size: 13px; line-height: 1; font-family: 'Helvetica Neue', Helvetica, Arial, FreeSans, sans-serif; color: #505762;\">Come esercitare i diritti<\/h4>\n<p style=\"margin: 0px; padding: 11px 0px 0px; border: 0px; font-size: 13px; line-height: 19px; font-family: 'Helvetica Neue', Helvetica, Arial, FreeSans, sans-serif; color: #595858;\">Per esercitare i propri diritti, gli Utenti possono indirizzare una richiesta ai recapiti del Titolare indicati in questo documento. La richiesta \u00e8 gratuita e il Titolare risponder\u00e0 nel pi\u00f9 breve tempo possibile, in ogni caso entro un mese, fornendo all\u2019Utente tutte le informazioni previste dalla legge. Eventuali rettifiche, cancellazioni o limitazioni del trattamento saranno comunicate dal Titolare a ciascuno dei destinatari, se esistenti, a cui sono stati trasmessi i Dati Personali, salvo che ci\u00f2 si riveli impossibile o implichi uno sforzo sproporzionato. Il Titolare comunica all&#8217;Utente tali destinatari qualora egli lo richieda.<\/p>\n<div class=\"one_line_col\" style=\"zoom: 1; float: none; width: 740px; border-bottom: 1px dotted #dfdfdf; border-top: 0px; padding-bottom: 21px; color: #595858; font-family: 'Helvetica Neue', Helvetica, Arial, FreeSans, sans-serif;\">\u00a0<\/div>\n<div class=\"one_line_col\" style=\"zoom: 1; float: none; width: 740px; border-bottom: 1px dotted #dfdfdf; border-top: 0px; padding-bottom: 21px; color: #595858; font-family: 'Helvetica Neue', Helvetica, Arial, FreeSans, sans-serif;\">\n<h2 id=\"further_data_processing_info\" style=\"margin: 0px; padding: 21px 0px 0px; border: 0px; font-size: 17px; line-height: 21px; font-family: inherit; color: #262626;\">Ulteriori informazioni sul trattamento<\/h2>\n<h3 class=\"iub-subheading iub-subheading-legal-protection\" style=\"margin: 0px; padding: 24px 0px 0px; border: 0px; font-size: 13px; line-height: 19px; font-family: inherit; color: #262626;\">Difesa in giudizio<\/h3>\n<p style=\"margin: 0px; padding: 0px; border: 0px; font-size: 13px; line-height: 19px; font-family: inherit;\">I Dati Personali dell\u2019Utente possono essere utilizzati da parte del Titolare in giudizio o nelle fasi preparatorie alla sua eventuale instaurazione per la difesa da abusi nell&#8217;utilizzo di questa Applicazione o dei Servizi connessi da parte dell\u2019Utente.<br \/>L\u2019Utente dichiara di essere consapevole che il Titolare potrebbe essere obbligato a rivelare i Dati per ordine delle autorit\u00e0 pubbliche.<\/p>\n<h3 class=\"iub-subheading iub-subheading-legal-specific-info\" style=\"margin: 0px; padding: 24px 0px 0px; border: 0px; font-size: 13px; line-height: 19px; font-family: inherit; color: #262626;\">Informative specifiche<\/h3>\n<p style=\"margin: 0px; padding: 0px; border: 0px; font-size: 13px; line-height: 19px; font-family: inherit;\">Su richiesta dell\u2019Utente, in aggiunta alle informazioni contenute in questa privacy policy, questa Applicazione potrebbe fornire all&#8217;Utente delle informative aggiuntive e contestuali riguardanti Servizi specifici, o la raccolta ed il trattamento di Dati Personali.<\/p>\n<h3 class=\"iub-subheading iub-subheading-legal-maintenance\" style=\"margin: 0px; padding: 24px 0px 0px; border: 0px; font-size: 13px; line-height: 19px; font-family: inherit; color: #262626;\">Log di sistema e manutenzione<\/h3>\n<p style=\"margin: 0px; padding: 0px; border: 0px; font-size: 13px; line-height: 19px; font-family: inherit;\">Per necessit\u00e0 legate al funzionamento ed alla manutenzione, questa Applicazione e gli eventuali servizi terzi da essa utilizzati potrebbero raccogliere log di sistema, ossia file che registrano le interazioni e che possono contenere anche Dati Personali, quali l\u2019indirizzo IP Utente.<\/p>\n<h3 class=\"iub-subheading iub-subheading-legal-information-not-contained\" style=\"margin: 0px; padding: 24px 0px 0px; border: 0px; font-size: 13px; line-height: 19px; font-family: inherit; color: #262626;\">Informazioni non contenute in questa policy<\/h3>\n<p style=\"margin: 0px; padding: 0px; border: 0px; font-size: 13px; line-height: 19px; font-family: inherit;\">Ulteriori informazioni in relazione al trattamento dei Dati Personali potranno essere richieste in qualsiasi momento al Titolare del Trattamento utilizzando gli estremi di contatto.<\/p>\n<h3 class=\"iub-subheading iub-subheading-legal-changes-to-this-privacy-policy\" style=\"margin: 0px; padding: 24px 0px 0px; border: 0px; font-size: 13px; line-height: 19px; font-family: inherit; color: #262626;\">Modifiche a questa privacy policy<\/h3>\n<p style=\"margin: 0px; padding: 0px; border: 0px; font-size: 13px; line-height: 19px; font-family: inherit;\">Il Titolare del Trattamento si riserva il diritto di apportare modifiche alla presente privacy policy in qualunque momento notificandolo agli Utenti su questa pagina e, se possibile, su questa Applicazione nonch\u00e9, qualora tecnicamente e legalmente fattibile, inviando una notifica agli Utenti attraverso uno degli estremi di contatto di cui \u00e8 in possesso. Si prega dunque di consultare con frequenza questa pagina, facendo riferimento alla data di ultima modifica indicata in fondo.<\/p>\n<p>Qualora le modifiche interessino trattamenti la cui base giuridica \u00e8 il consenso, il Titolare provveder\u00e0 a raccogliere nuovamente il consenso dell\u2019Utente, se necessario.<\/p>\n<\/div>\n<p>\n<\/div><div data-closeall=\"true\" class=\"kc-elm kc-css-254498 kc_accordion_wrapper\">\n<div class=\"kc-elm kc-css-783087 kc_accordion_section group \"><h3 class=\"kc_accordion_header ui-accordion-header\"><span class=\"ui-accordion-header-icon ui-icon\"><\/span><a href=\"#definizioni-e-riferimenti-legali\" data-prevent=\"scroll\"><i class=\"\"><\/i> Definizioni e riferimenti legali<\/a><\/h3><div class=\"kc_accordion_content ui-accordion-content kc_clearfix\"><div class=\"kc-panel-body\"><div class=\"kc-elm kc-css-66288 kc_text_block\"><\/p>\n<h4 style=\"margin: 0px; padding: 0px; border: 0px; font-size: 13px; line-height: 1; font-family: &#039;Helvetica Neue&#039;, Helvetica, Arial, FreeSans, sans-serif; color: #505762;\">Dati Personali (o Dati)<\/h4>\n<p style=\"margin: 0px; padding: 11px 0px 0px; border: 0px; font-size: 13px; line-height: 19px; font-family: &#039;Helvetica Neue&#039;, Helvetica, Arial, FreeSans, sans-serif; color: #595858;\">Costituisce dato personale qualunque informazione che, direttamente o indirettamente, anche in collegamento con qualsiasi altra informazione, ivi compreso un numero di identificazione personale, renda identificata o identificabile una persona fisica.<\/p>\n<h4 style=\"margin: 0px; padding: 19px 0px 0px; border: 0px; font-size: 13px; line-height: 1; font-family: &#039;Helvetica Neue&#039;, Helvetica, Arial, FreeSans, sans-serif; color: #505762;\">Dati di Utilizzo<\/h4>\n<p style=\"margin: 0px; padding: 11px 0px 0px; border: 0px; font-size: 13px; line-height: 19px; font-family: &#039;Helvetica Neue&#039;, Helvetica, Arial, FreeSans, sans-serif; color: #595858;\">Sono le informazioni raccolte automaticamente attraverso questa Applicazione (anche da applicazioni di parti terze integrate in questa Applicazione), tra cui: gli indirizzi IP o i nomi a dominio dei computer utilizzati dall\u2019Utente che si connette con questa Applicazione, gli indirizzi in notazione URI (Uniform Resource Identifier), l\u2019orario della richiesta, il metodo utilizzato nell\u2019inoltrare la richiesta al server, la dimensione del file ottenuto in risposta, il codice numerico indicante lo stato della risposta dal server (buon fine, errore, ecc.) il paese di provenienza, le caratteristiche del browser e del sistema operativo utilizzati dal visitatore, le varie connotazioni temporali della visita (ad esempio il tempo di permanenza su ciascuna pagina) e i dettagli relativi all\u2019itinerario seguito all\u2019interno dell\u2019Applicazione, con particolare riferimento alla sequenza delle pagine consultate, ai parametri relativi al sistema operativo e all\u2019ambiente informatico dell\u2019Utente.<\/p>\n<h4 style=\"margin: 0px; padding: 19px 0px 0px; border: 0px; font-size: 13px; line-height: 1; font-family: &#039;Helvetica Neue&#039;, Helvetica, Arial, FreeSans, sans-serif; color: #505762;\">Utente<\/h4>\n<p style=\"margin: 0px; padding: 11px 0px 0px; border: 0px; font-size: 13px; line-height: 19px; font-family: &#039;Helvetica Neue&#039;, Helvetica, Arial, FreeSans, sans-serif; color: #595858;\">L&#039;individuo che utilizza questa Applicazione che, salvo ove diversamente specificato, coincide con l&#039;Interessato.<\/p>\n<h4 style=\"margin: 0px; padding: 19px 0px 0px; border: 0px; font-size: 13px; line-height: 1; font-family: &#039;Helvetica Neue&#039;, Helvetica, Arial, FreeSans, sans-serif; color: #505762;\">Interessato<\/h4>\n<p style=\"margin: 0px; padding: 11px 0px 0px; border: 0px; font-size: 13px; line-height: 19px; font-family: &#039;Helvetica Neue&#039;, Helvetica, Arial, FreeSans, sans-serif; color: #595858;\">La persona fisica cui si riferiscono i Dati Personali.<\/p>\n<h4 style=\"margin: 0px; padding: 19px 0px 0px; border: 0px; font-size: 13px; line-height: 1; font-family: &#039;Helvetica Neue&#039;, Helvetica, Arial, FreeSans, sans-serif; color: #505762;\">Responsabile del Trattamento (o Responsabile)<\/h4>\n<p style=\"margin: 0px; padding: 11px 0px 0px; border: 0px; font-size: 13px; line-height: 19px; font-family: &#039;Helvetica Neue&#039;, Helvetica, Arial, FreeSans, sans-serif; color: #595858;\">La persona fisica, giuridica, la pubblica amministrazione e qualsiasi altro ente che tratta dati personali per conto del Titolare, secondo quanto esposto nella presente privacy policy.<\/p>\n<h4 style=\"margin: 0px; padding: 19px 0px 0px; border: 0px; font-size: 13px; line-height: 1; font-family: &#039;Helvetica Neue&#039;, Helvetica, Arial, FreeSans, sans-serif; color: #505762;\">Titolare del Trattamento (o Titolare)<\/h4>\n<p style=\"margin: 0px; padding: 11px 0px 0px; border: 0px; font-size: 13px; line-height: 19px; font-family: &#039;Helvetica Neue&#039;, Helvetica, Arial, FreeSans, sans-serif; color: #595858;\">La persona fisica o giuridica, l&#039;autorit\u00e0 pubblica, il servizio o altro organismo che, singolarmente o insieme ad altri, determina le finalit\u00e0 e i mezzi del trattamento di dati personali e gli strumenti adottati, ivi comprese le misure di sicurezza relative al funzionamento ed alla fruizione di questa Applicazione. Il Titolare del Trattamento, salvo quanto diversamente specificato, \u00e8 il titolare di questa Applicazione.<\/p>\n<h4 style=\"margin: 0px; padding: 19px 0px 0px; border: 0px; font-size: 13px; line-height: 1; font-family: &#039;Helvetica Neue&#039;, Helvetica, Arial, FreeSans, sans-serif; color: #505762;\">Questa Applicazione<\/h4>\n<p style=\"margin: 0px; padding: 11px 0px 0px; border: 0px; font-size: 13px; line-height: 19px; font-family: &#039;Helvetica Neue&#039;, Helvetica, Arial, FreeSans, sans-serif; color: #595858;\">Lo strumento hardware o software mediante il quale sono raccolti e trattati i Dati Personali degli Utenti.<\/p>\n<h4 style=\"margin: 0px; padding: 19px 0px 0px; border: 0px; font-size: 13px; line-height: 1; font-family: &#039;Helvetica Neue&#039;, Helvetica, Arial, FreeSans, sans-serif; color: #505762;\">Servizio<\/h4>\n<p style=\"margin: 0px; padding: 11px 0px 0px; border: 0px; font-size: 13px; line-height: 19px; font-family: &#039;Helvetica Neue&#039;, Helvetica, Arial, FreeSans, sans-serif; color: #595858;\">Il Servizio fornito da questa Applicazione cos\u00ec come definito nei relativi termini (se presenti) su questo sito\/applicazione.<\/p>\n<h4 style=\"margin: 0px; padding: 19px 0px 0px; border: 0px; font-size: 13px; line-height: 1; font-family: &#039;Helvetica Neue&#039;, Helvetica, Arial, FreeSans, sans-serif; color: #505762;\">Unione Europea (o UE)<\/h4>\n<p style=\"margin: 0px; padding: 11px 0px 0px; border: 0px; font-size: 13px; line-height: 19px; font-family: &#039;Helvetica Neue&#039;, Helvetica, Arial, FreeSans, sans-serif; color: #595858;\">Salvo ove diversamente specificato, ogni riferimento all\u2019Unione Europea contenuto in questo documento si intende esteso a tutti gli attuali stati membri dell\u2019Unione Europea e dello Spazio Economico Europeo.<\/p>\n<hr style=\"margin: 0px 0px 15px; border-top: 0px; border-right: 0px; border-left: 0px; border-image: initial; border-bottom-style: solid; border-bottom-color: #eeeeee; padding-top: 15px; color: #595858; font-family: &#039;Helvetica Neue&#039;, Helvetica, Arial, FreeSans, sans-serif;\" \/>\n<h4 style=\"margin: 0px; padding: 19px 0px 0px; border: 0px; font-size: 13px; line-height: 1; font-family: &#039;Helvetica Neue&#039;, Helvetica, Arial, FreeSans, sans-serif; color: #505762;\">Riferimenti legali<\/h4>\n<p style=\"margin: 0px; padding: 11px 0px 0px; border: 0px; font-size: 13px; line-height: 19px; font-family: &#039;Helvetica Neue&#039;, Helvetica, Arial, FreeSans, sans-serif; color: #595858;\">Ove non diversamente specificato, questa informativa privacy riguarda esclusivamente questa Applicazione.<\/p>\n<p>\n<\/div><\/div><\/div><\/div><\/div>\n<\/div><\/div><\/div><\/div><\/section>\n","protected":false},"excerpt":{"rendered":"","protected":false},"author":295,"featured_media":0,"parent":0,"menu_order":0,"comment_status":"closed","ping_status":"closed","template":"","meta":{"footnotes":""},"class_list":["post-1597","page","type-page","status-publish","hentry"],"_links":{"self":[{"href":"https:\/\/www.mediaformlanguages.org\/esol\/wp-json\/wp\/v2\/pages\/1597","targetHints":{"allow":["GET"]}}],"collection":[{"href":"https:\/\/www.mediaformlanguages.org\/esol\/wp-json\/wp\/v2\/pages"}],"about":[{"href":"https:\/\/www.mediaformlanguages.org\/esol\/wp-json\/wp\/v2\/types\/page"}],"author":[{"embeddable":true,"href":"https:\/\/www.mediaformlanguages.org\/esol\/wp-json\/wp\/v2\/users\/295"}],"replies":[{"embeddable":true,"href":"https:\/\/www.mediaformlanguages.org\/esol\/wp-json\/wp\/v2\/comments?post=1597"}],"version-history":[{"count":0,"href":"https:\/\/www.mediaformlanguages.org\/esol\/wp-json\/wp\/v2\/pages\/1597\/revisions"}],"wp:attachment":[{"href":"https:\/\/www.mediaformlanguages.org\/esol\/wp-json\/wp\/v2\/media?parent=1597"}],"curies":[{"name":"wp","href":"https:\/\/api.w.org\/{rel}","templated":true}]}}